{"id":268,"date":"2024-04-17T21:29:23","date_gmt":"2024-04-17T19:29:23","guid":{"rendered":"http:\/\/grips-im-kopf.de\/?page_id=268"},"modified":"2025-05-10T18:39:14","modified_gmt":"2025-05-10T16:39:14","slug":"bewegtes-gedaechtnistraining-steigen-sie-in-den-ring","status":"publish","type":"page","link":"https:\/\/grips-im-kopf.de\/?page_id=268","title":{"rendered":"Bewegtes Ged\u00e4chtnistraining  Steigen Sie in den Ring!"},"content":{"rendered":"\n<p>Kort.X\u00ae ist ein bewegtes Gehirntraining, das auf wissenschaftlichen Erkenntnissen basiert. Die lustigen \u00dcbungsvariationen werden Sie herausfordern und zum Lachen bringen. Der Spa\u00dffaktor ist hoch und die Wirkung gro\u00df:<\/p>\n\n\n\n<ul class=\"wp-block-list\">\n<li>Bessere Konzentration<\/li>\n\n\n\n<li>Verbessertes Ged\u00e4chtnis &amp; schnelleres Denken<\/li>\n\n\n\n<li>Fittes und agiles Lebensgef\u00fchl<\/li>\n<\/ul>\n\n\n\n<p>Dieses Training ist f\u00fcr Personen geeignet, die eine innovative M\u00f6glichkeit suchen um ihre grauen Zellen zu mobilisieren. Nutzen Sie diese M\u00f6glichkeit sich geistig fit zu halten. Ganz gleich ob Sie noch im Berufsleben sind oder gerade im besten Alter.<\/p>\n\n\n\n<p><strong>Auch als Angebot f\u00fcr Schulen m\u00f6glich! <\/strong><\/p>\n\n\n\n<p><\/p>\n","protected":false},"excerpt":{"rendered":"<p>Kort.X\u00ae ist ein bewegtes Gehirntraining, das auf wissenschaftlichen Erkenntnissen basiert. Die lustigen \u00dcbungsvariationen werden Sie herausfordern und zum Lachen bringen. Der Spa\u00dffaktor ist hoch und die Wirkung gro\u00df: Dieses Training ist f\u00fcr Personen geeignet, die eine innovative M\u00f6glichkeit suchen um ihre grauen Zellen zu mobilisieren. Nutzen Sie diese M\u00f6glichkeit sich geistig fit zu halten. Ganz [&hellip;]<\/p>\n","protected":false},"author":1,"featured_media":270,"parent":0,"menu_order":0,"comment_status":"closed","ping_status":"closed","template":"","meta":{"footnotes":""},"class_list":["post-268","page","type-page","status-publish","has-post-thumbnail","hentry"],"yoast_head":"<!-- This site is optimized with the Yoast SEO plugin v27.5 - https:\/\/yoast.com\/product\/yoast-seo-wordpress\/ -->\n<title>Bewegtes Ged\u00e4chtnistraining Steigen Sie in den Ring! - Ganzheitliches Ged\u00e4chtnistraining Frankfurt<\/title>\n<meta name=\"description\" content=\"bewegtes Ged\u00e4chtnistraining, sportlich mit Spa\u00df und Freude; aktivieren Sie Ihre Denkleistung durch Bewegung und Koordinations\u00fcbungen!\" \/>\n<meta name=\"robots\" content=\"index, follow, max-snippet:-1, max-image-preview:large, max-video-preview:-1\" \/>\n<link rel=\"canonical\" href=\"https:\/\/grips-im-kopf.de\/?page_id=268\" \/>\n<meta property=\"og:locale\" content=\"de_DE\" \/>\n<meta property=\"og:type\" content=\"article\" \/>\n<meta property=\"og:title\" content=\"Bewegtes Ged\u00e4chtnistraining Steigen Sie in den Ring! - Ganzheitliches Ged\u00e4chtnistraining Frankfurt\" \/>\n<meta property=\"og:description\" content=\"bewegtes Ged\u00e4chtnistraining, sportlich mit Spa\u00df und Freude; aktivieren Sie Ihre Denkleistung durch Bewegung und Koordinations\u00fcbungen!\" \/>\n<meta property=\"og:url\" content=\"https:\/\/grips-im-kopf.de\/?page_id=268\" \/>\n<meta property=\"og:site_name\" content=\"Ganzheitliches Ged\u00e4chtnistraining Frankfurt\" \/>\n<meta property=\"article:modified_time\" content=\"2025-05-10T16:39:14+00:00\" \/>\n<meta property=\"og:image\" content=\"http:\/\/grips-im-kopf.de\/wp-content\/uploads\/2024\/04\/Kort.X-Reifen-1024x576.jpg\" \/>\n\t<meta property=\"og:image:width\" content=\"1024\" \/>\n\t<meta property=\"og:image:height\" content=\"576\" \/>\n\t<meta property=\"og:image:type\" content=\"image\/jpeg\" \/>\n<meta name=\"twitter:card\" content=\"summary_large_image\" \/>\n<meta name=\"twitter:label1\" content=\"Gesch\u00e4tzte Lesezeit\" \/>\n\t<meta name=\"twitter:data1\" content=\"1\u00a0Minute\" \/>\n<script type=\"application\/ld+json\" class=\"yoast-schema-graph\">{\"@context\":\"https:\\\/\\\/schema.org\",\"@graph\":[{\"@type\":\"WebPage\",\"@id\":\"https:\\\/\\\/grips-im-kopf.de\\\/?page_id=268\",\"url\":\"https:\\\/\\\/grips-im-kopf.de\\\/?page_id=268\",\"name\":\"Bewegtes Ged\u00e4chtnistraining Steigen Sie in den Ring! - Ganzheitliches Ged\u00e4chtnistraining Frankfurt\",\"isPartOf\":{\"@id\":\"https:\\\/\\\/grips-im-kopf.de\\\/#website\"},\"primaryImageOfPage\":{\"@id\":\"https:\\\/\\\/grips-im-kopf.de\\\/?page_id=268#primaryimage\"},\"image\":{\"@id\":\"https:\\\/\\\/grips-im-kopf.de\\\/?page_id=268#primaryimage\"},\"thumbnailUrl\":\"https:\\\/\\\/grips-im-kopf.de\\\/wp-content\\\/uploads\\\/2024\\\/04\\\/Kort.X-Reifen.jpg\",\"datePublished\":\"2024-04-17T19:29:23+00:00\",\"dateModified\":\"2025-05-10T16:39:14+00:00\",\"description\":\"bewegtes Ged\u00e4chtnistraining, sportlich mit Spa\u00df und Freude; aktivieren Sie Ihre Denkleistung durch Bewegung und Koordinations\u00fcbungen!\",\"breadcrumb\":{\"@id\":\"https:\\\/\\\/grips-im-kopf.de\\\/?page_id=268#breadcrumb\"},\"inLanguage\":\"de\",\"potentialAction\":[{\"@type\":\"ReadAction\",\"target\":[\"https:\\\/\\\/grips-im-kopf.de\\\/?page_id=268\"]}]},{\"@type\":\"ImageObject\",\"inLanguage\":\"de\",\"@id\":\"https:\\\/\\\/grips-im-kopf.de\\\/?page_id=268#primaryimage\",\"url\":\"https:\\\/\\\/grips-im-kopf.de\\\/wp-content\\\/uploads\\\/2024\\\/04\\\/Kort.X-Reifen.jpg\",\"contentUrl\":\"https:\\\/\\\/grips-im-kopf.de\\\/wp-content\\\/uploads\\\/2024\\\/04\\\/Kort.X-Reifen.jpg\",\"width\":1920,\"height\":1080},{\"@type\":\"BreadcrumbList\",\"@id\":\"https:\\\/\\\/grips-im-kopf.de\\\/?page_id=268#breadcrumb\",\"itemListElement\":[{\"@type\":\"ListItem\",\"position\":1,\"name\":\"Startseite\",\"item\":\"https:\\\/\\\/grips-im-kopf.de\\\/\"},{\"@type\":\"ListItem\",\"position\":2,\"name\":\"Bewegtes Ged\u00e4chtnistraining Steigen Sie in den Ring!\"}]},{\"@type\":\"WebSite\",\"@id\":\"https:\\\/\\\/grips-im-kopf.de\\\/#website\",\"url\":\"https:\\\/\\\/grips-im-kopf.de\\\/\",\"name\":\"Ganzheitliches Ged\u00e4chtnistraining Frankfurt\",\"description\":\"\",\"publisher\":{\"@id\":\"https:\\\/\\\/grips-im-kopf.de\\\/#organization\"},\"potentialAction\":[{\"@type\":\"SearchAction\",\"target\":{\"@type\":\"EntryPoint\",\"urlTemplate\":\"https:\\\/\\\/grips-im-kopf.de\\\/?s={search_term_string}\"},\"query-input\":{\"@type\":\"PropertyValueSpecification\",\"valueRequired\":true,\"valueName\":\"search_term_string\"}}],\"inLanguage\":\"de\"},{\"@type\":\"Organization\",\"@id\":\"https:\\\/\\\/grips-im-kopf.de\\\/#organization\",\"name\":\"Ganzheitliches Ged\u00e4chtnistraining Frankfurt\",\"url\":\"https:\\\/\\\/grips-im-kopf.de\\\/\",\"logo\":{\"@type\":\"ImageObject\",\"inLanguage\":\"de\",\"@id\":\"https:\\\/\\\/grips-im-kopf.de\\\/#\\\/schema\\\/logo\\\/image\\\/\",\"url\":\"https:\\\/\\\/grips-im-kopf.de\\\/wp-content\\\/uploads\\\/2021\\\/04\\\/GIK-animated-4.png\",\"contentUrl\":\"https:\\\/\\\/grips-im-kopf.de\\\/wp-content\\\/uploads\\\/2021\\\/04\\\/GIK-animated-4.png\",\"width\":398,\"height\":136,\"caption\":\"Ganzheitliches Ged\u00e4chtnistraining Frankfurt\"},\"image\":{\"@id\":\"https:\\\/\\\/grips-im-kopf.de\\\/#\\\/schema\\\/logo\\\/image\\\/\"}}]}<\/script>\n<!-- \/ Yoast SEO plugin. -->","yoast_head_json":{"title":"Bewegtes Ged\u00e4chtnistraining Steigen Sie in den Ring! - Ganzheitliches Ged\u00e4chtnistraining Frankfurt","description":"bewegtes Ged\u00e4chtnistraining, sportlich mit Spa\u00df und Freude; aktivieren Sie Ihre Denkleistung durch Bewegung und Koordinations\u00fcbungen!","robots":{"index":"index","follow":"follow","max-snippet":"max-snippet:-1","max-image-preview":"max-image-preview:large","max-video-preview":"max-video-preview:-1"},"canonical":"https:\/\/grips-im-kopf.de\/?page_id=268","og_locale":"de_DE","og_type":"article","og_title":"Bewegtes Ged\u00e4chtnistraining Steigen Sie in den Ring! - Ganzheitliches Ged\u00e4chtnistraining Frankfurt","og_description":"bewegtes Ged\u00e4chtnistraining, sportlich mit Spa\u00df und Freude; aktivieren Sie Ihre Denkleistung durch Bewegung und Koordinations\u00fcbungen!","og_url":"https:\/\/grips-im-kopf.de\/?page_id=268","og_site_name":"Ganzheitliches Ged\u00e4chtnistraining Frankfurt","article_modified_time":"2025-05-10T16:39:14+00:00","og_image":[{"width":1024,"height":576,"url":"http:\/\/grips-im-kopf.de\/wp-content\/uploads\/2024\/04\/Kort.X-Reifen-1024x576.jpg","type":"image\/jpeg"}],"twitter_card":"summary_large_image","twitter_misc":{"Gesch\u00e4tzte Lesezeit":"1\u00a0Minute"},"schema":{"@context":"https:\/\/schema.org","@graph":[{"@type":"WebPage","@id":"https:\/\/grips-im-kopf.de\/?page_id=268","url":"https:\/\/grips-im-kopf.de\/?page_id=268","name":"Bewegtes Ged\u00e4chtnistraining Steigen Sie in den Ring! - Ganzheitliches Ged\u00e4chtnistraining Frankfurt","isPartOf":{"@id":"https:\/\/grips-im-kopf.de\/#website"},"primaryImageOfPage":{"@id":"https:\/\/grips-im-kopf.de\/?page_id=268#primaryimage"},"image":{"@id":"https:\/\/grips-im-kopf.de\/?page_id=268#primaryimage"},"thumbnailUrl":"https:\/\/grips-im-kopf.de\/wp-content\/uploads\/2024\/04\/Kort.X-Reifen.jpg","datePublished":"2024-04-17T19:29:23+00:00","dateModified":"2025-05-10T16:39:14+00:00","description":"bewegtes Ged\u00e4chtnistraining, sportlich mit Spa\u00df und Freude; aktivieren Sie Ihre Denkleistung durch Bewegung und Koordinations\u00fcbungen!","breadcrumb":{"@id":"https:\/\/grips-im-kopf.de\/?page_id=268#breadcrumb"},"inLanguage":"de","potentialAction":[{"@type":"ReadAction","target":["https:\/\/grips-im-kopf.de\/?page_id=268"]}]},{"@type":"ImageObject","inLanguage":"de","@id":"https:\/\/grips-im-kopf.de\/?page_id=268#primaryimage","url":"https:\/\/grips-im-kopf.de\/wp-content\/uploads\/2024\/04\/Kort.X-Reifen.jpg","contentUrl":"https:\/\/grips-im-kopf.de\/wp-content\/uploads\/2024\/04\/Kort.X-Reifen.jpg","width":1920,"height":1080},{"@type":"BreadcrumbList","@id":"https:\/\/grips-im-kopf.de\/?page_id=268#breadcrumb","itemListElement":[{"@type":"ListItem","position":1,"name":"Startseite","item":"https:\/\/grips-im-kopf.de\/"},{"@type":"ListItem","position":2,"name":"Bewegtes Ged\u00e4chtnistraining Steigen Sie in den Ring!"}]},{"@type":"WebSite","@id":"https:\/\/grips-im-kopf.de\/#website","url":"https:\/\/grips-im-kopf.de\/","name":"Ganzheitliches Ged\u00e4chtnistraining Frankfurt","description":"","publisher":{"@id":"https:\/\/grips-im-kopf.de\/#organization"},"potentialAction":[{"@type":"SearchAction","target":{"@type":"EntryPoint","urlTemplate":"https:\/\/grips-im-kopf.de\/?s={search_term_string}"},"query-input":{"@type":"PropertyValueSpecification","valueRequired":true,"valueName":"search_term_string"}}],"inLanguage":"de"},{"@type":"Organization","@id":"https:\/\/grips-im-kopf.de\/#organization","name":"Ganzheitliches Ged\u00e4chtnistraining Frankfurt","url":"https:\/\/grips-im-kopf.de\/","logo":{"@type":"ImageObject","inLanguage":"de","@id":"https:\/\/grips-im-kopf.de\/#\/schema\/logo\/image\/","url":"https:\/\/grips-im-kopf.de\/wp-content\/uploads\/2021\/04\/GIK-animated-4.png","contentUrl":"https:\/\/grips-im-kopf.de\/wp-content\/uploads\/2021\/04\/GIK-animated-4.png","width":398,"height":136,"caption":"Ganzheitliches Ged\u00e4chtnistraining Frankfurt"},"image":{"@id":"https:\/\/grips-im-kopf.de\/#\/schema\/logo\/image\/"}}]}},"_links":{"self":[{"href":"https:\/\/grips-im-kopf.de\/index.php?rest_route=\/wp\/v2\/pages\/268","targetHints":{"allow":["GET"]}}],"collection":[{"href":"https:\/\/grips-im-kopf.de\/index.php?rest_route=\/wp\/v2\/pages"}],"about":[{"href":"https:\/\/grips-im-kopf.de\/index.php?rest_route=\/wp\/v2\/types\/page"}],"author":[{"embeddable":true,"href":"https:\/\/grips-im-kopf.de\/index.php?rest_route=\/wp\/v2\/users\/1"}],"replies":[{"embeddable":true,"href":"https:\/\/grips-im-kopf.de\/index.php?rest_route=%2Fwp%2Fv2%2Fcomments&post=268"}],"version-history":[{"count":4,"href":"https:\/\/grips-im-kopf.de\/index.php?rest_route=\/wp\/v2\/pages\/268\/revisions"}],"predecessor-version":[{"id":337,"href":"https:\/\/grips-im-kopf.de\/index.php?rest_route=\/wp\/v2\/pages\/268\/revisions\/337"}],"wp:featuredmedia":[{"embeddable":true,"href":"https:\/\/grips-im-kopf.de\/index.php?rest_route=\/wp\/v2\/media\/270"}],"wp:attachment":[{"href":"https:\/\/grips-im-kopf.de\/index.php?rest_route=%2Fwp%2Fv2%2Fmedia&parent=268"}],"curies":[{"name":"wp","href":"https:\/\/api.w.org\/{rel}","templated":true}]}}