{"id":79,"date":"2021-03-21T21:44:38","date_gmt":"2021-03-21T20:44:38","guid":{"rendered":"http:\/\/grips-im-kopf.de\/?page_id=79"},"modified":"2026-08-16T17:38:51","modified_gmt":"2026-08-16T15:38:51","slug":"gedaechtnistraining-spricht-alle-sinne-an-und-hilft-die-kognitive-leistung-zu-verbessern","status":"publish","type":"page","link":"https:\/\/grips-im-kopf.de\/?page_id=79","title":{"rendered":"Angebote"},"content":{"rendered":"\n<p class=\"wp-block-paragraph\">In meinen Kursen und Workshops verbinde ich bew\u00e4hrte Methoden des ged\u00e4chtnistrainings mit meiner langj\u00e4hrigen Erfahrung in der Erwachsenenbildung.<\/p>\n\n\n\n<p class=\"wp-block-paragraph\">Sie lernen einfache und alltagstaugliche Strategien, die Sie direkt ausprobieren und in Ihren beruflichen Alltag integrieren k\u00f6nnen.<\/p>\n\n\n\n<ul class=\"wp-block-list\">\n<li><strong>F\u00fcr Unternehmen<\/strong>: Workshops und Impulse f\u00fcr Mitarbeiter, Teams, Gesundheitstag und interne Weiterbildungen<\/li>\n\n\n\n<li><strong>F\u00fcr Berufst\u00e4tige:<\/strong> Training f\u00fcr alle, die konzentrierter arbeiten, effektiver lernen und sich Informationen besser merken wollen.<\/li>\n\n\n\n<li><strong>F\u00fcr fitte Senioren:<\/strong> die geistig aktiv bleiben wollen und in einem lockeren Umfeld mit viel Spa\u00df ihr Gehrin trainieren wollen.<\/li>\n<\/ul>\n","protected":false},"excerpt":{"rendered":"<p>In meinen Kursen und Workshops verbinde ich bew\u00e4hrte Methoden des ged\u00e4chtnistrainings mit meiner langj\u00e4hrigen Erfahrung in der Erwachsenenbildung. Sie lernen einfache und alltagstaugliche Strategien, die Sie direkt ausprobieren und in Ihren beruflichen Alltag integrieren k\u00f6nnen.<\/p>\n","protected":false},"author":1,"featured_media":0,"parent":0,"menu_order":0,"comment_status":"closed","ping_status":"closed","template":"","meta":{"footnotes":""},"class_list":["post-79","page","type-page","status-publish","hentry"],"yoast_head":"<!-- This site is optimized with the Yoast SEO plugin v28.4 - https:\/\/yoast.com\/product\/yoast-seo-wordpress\/ -->\n<title>Ganzheitlcihes Ged\u00e4chtnistraining f\u00fcr Menschen mit post Covid Syndrom<\/title>\n<meta name=\"description\" content=\"Ganzheitliches Ged\u00e4chtnistraining hilft, die kognitive Leistung zu verbessern. In der Gruppe und auch im Einzeltraining.\" \/>\n<meta name=\"robots\" content=\"index, follow, max-snippet:-1, max-image-preview:large, max-video-preview:-1\" \/>\n<link rel=\"canonical\" href=\"https:\/\/grips-im-kopf.de\/?page_id=79\" \/>\n<meta property=\"og:locale\" content=\"de_DE\" \/>\n<meta property=\"og:type\" content=\"article\" \/>\n<meta property=\"og:title\" content=\"Ganzheitlcihes Ged\u00e4chtnistraining f\u00fcr Menschen mit post Covid Syndrom\" \/>\n<meta property=\"og:description\" content=\"Ganzheitliches Ged\u00e4chtnistraining hilft, die kognitive Leistung zu verbessern. In der Gruppe und auch im Einzeltraining.\" \/>\n<meta property=\"og:url\" content=\"https:\/\/grips-im-kopf.de\/?page_id=79\" \/>\n<meta property=\"og:site_name\" content=\"Ganzheitliches Ged\u00e4chtnistraining Frankfurt\" \/>\n<meta property=\"article:modified_time\" content=\"2026-08-16T15:38:51+00:00\" \/>\n<meta name=\"twitter:card\" content=\"summary_large_image\" \/>\n<meta name=\"twitter:label1\" content=\"Gesch\u00e4tzte Lesezeit\" \/>\n\t<meta name=\"twitter:data1\" content=\"1\u00a0Minute\" \/>\n<script type=\"application\/ld+json\" class=\"yoast-schema-graph\">{\"@context\":\"https:\\\/\\\/schema.org\",\"@graph\":[{\"@type\":\"WebPage\",\"@id\":\"https:\\\/\\\/grips-im-kopf.de\\\/?page_id=79\",\"url\":\"https:\\\/\\\/grips-im-kopf.de\\\/?page_id=79\",\"name\":\"Ganzheitlcihes Ged\u00e4chtnistraining f\u00fcr Menschen mit post Covid Syndrom\",\"isPartOf\":{\"@id\":\"https:\\\/\\\/grips-im-kopf.de\\\/#website\"},\"datePublished\":\"2021-03-21T20:44:38+00:00\",\"dateModified\":\"2026-08-16T15:38:51+00:00\",\"description\":\"Ganzheitliches Ged\u00e4chtnistraining hilft, die kognitive Leistung zu verbessern. In der Gruppe und auch im Einzeltraining.\",\"breadcrumb\":{\"@id\":\"https:\\\/\\\/grips-im-kopf.de\\\/?page_id=79#breadcrumb\"},\"inLanguage\":\"de\",\"potentialAction\":[{\"@type\":\"ReadAction\",\"target\":[\"https:\\\/\\\/grips-im-kopf.de\\\/?page_id=79\"]}]},{\"@type\":\"BreadcrumbList\",\"@id\":\"https:\\\/\\\/grips-im-kopf.de\\\/?page_id=79#breadcrumb\",\"itemListElement\":[{\"@type\":\"ListItem\",\"position\":1,\"name\":\"Startseite\",\"item\":\"https:\\\/\\\/grips-im-kopf.de\\\/\"},{\"@type\":\"ListItem\",\"position\":2,\"name\":\"Angebote\"}]},{\"@type\":\"WebSite\",\"@id\":\"https:\\\/\\\/grips-im-kopf.de\\\/#website\",\"url\":\"https:\\\/\\\/grips-im-kopf.de\\\/\",\"name\":\"Ganzheitliches Ged\u00e4chtnistraining Frankfurt\",\"description\":\"\",\"publisher\":{\"@id\":\"https:\\\/\\\/grips-im-kopf.de\\\/#organization\"},\"potentialAction\":[{\"@type\":\"SearchAction\",\"target\":{\"@type\":\"EntryPoint\",\"urlTemplate\":\"https:\\\/\\\/grips-im-kopf.de\\\/?s={search_term_string}\"},\"query-input\":{\"@type\":\"PropertyValueSpecification\",\"valueRequired\":true,\"valueName\":\"search_term_string\"}}],\"inLanguage\":\"de\"},{\"@type\":\"Organization\",\"@id\":\"https:\\\/\\\/grips-im-kopf.de\\\/#organization\",\"name\":\"Ganzheitliches Ged\u00e4chtnistraining Frankfurt\",\"url\":\"https:\\\/\\\/grips-im-kopf.de\\\/\",\"logo\":{\"@type\":\"ImageObject\",\"inLanguage\":\"de\",\"@id\":\"https:\\\/\\\/grips-im-kopf.de\\\/#\\\/schema\\\/logo\\\/image\\\/\",\"url\":\"https:\\\/\\\/grips-im-kopf.de\\\/wp-content\\\/uploads\\\/2021\\\/04\\\/GIK-animated-4.png\",\"contentUrl\":\"https:\\\/\\\/grips-im-kopf.de\\\/wp-content\\\/uploads\\\/2021\\\/04\\\/GIK-animated-4.png\",\"width\":398,\"height\":136,\"caption\":\"Ganzheitliches Ged\u00e4chtnistraining Frankfurt\"},\"image\":{\"@id\":\"https:\\\/\\\/grips-im-kopf.de\\\/#\\\/schema\\\/logo\\\/image\\\/\"}}]}<\/script>\n<!-- \/ Yoast SEO plugin. -->","yoast_head_json":{"title":"Ganzheitlcihes Ged\u00e4chtnistraining f\u00fcr Menschen mit post Covid Syndrom","description":"Ganzheitliches Ged\u00e4chtnistraining hilft, die kognitive Leistung zu verbessern. In der Gruppe und auch im Einzeltraining.","robots":{"index":"index","follow":"follow","max-snippet":"max-snippet:-1","max-image-preview":"max-image-preview:large","max-video-preview":"max-video-preview:-1"},"canonical":"https:\/\/grips-im-kopf.de\/?page_id=79","og_locale":"de_DE","og_type":"article","og_title":"Ganzheitlcihes Ged\u00e4chtnistraining f\u00fcr Menschen mit post Covid Syndrom","og_description":"Ganzheitliches Ged\u00e4chtnistraining hilft, die kognitive Leistung zu verbessern. In der Gruppe und auch im Einzeltraining.","og_url":"https:\/\/grips-im-kopf.de\/?page_id=79","og_site_name":"Ganzheitliches Ged\u00e4chtnistraining Frankfurt","article_modified_time":"2026-08-16T15:38:51+00:00","twitter_card":"summary_large_image","twitter_misc":{"Gesch\u00e4tzte Lesezeit":"1\u00a0Minute"},"schema":{"@context":"https:\/\/schema.org","@graph":[{"@type":"WebPage","@id":"https:\/\/grips-im-kopf.de\/?page_id=79","url":"https:\/\/grips-im-kopf.de\/?page_id=79","name":"Ganzheitlcihes Ged\u00e4chtnistraining f\u00fcr Menschen mit post Covid Syndrom","isPartOf":{"@id":"https:\/\/grips-im-kopf.de\/#website"},"datePublished":"2021-03-21T20:44:38+00:00","dateModified":"2026-08-16T15:38:51+00:00","description":"Ganzheitliches Ged\u00e4chtnistraining hilft, die kognitive Leistung zu verbessern. In der Gruppe und auch im Einzeltraining.","breadcrumb":{"@id":"https:\/\/grips-im-kopf.de\/?page_id=79#breadcrumb"},"inLanguage":"de","potentialAction":[{"@type":"ReadAction","target":["https:\/\/grips-im-kopf.de\/?page_id=79"]}]},{"@type":"BreadcrumbList","@id":"https:\/\/grips-im-kopf.de\/?page_id=79#breadcrumb","itemListElement":[{"@type":"ListItem","position":1,"name":"Startseite","item":"https:\/\/grips-im-kopf.de\/"},{"@type":"ListItem","position":2,"name":"Angebote"}]},{"@type":"WebSite","@id":"https:\/\/grips-im-kopf.de\/#website","url":"https:\/\/grips-im-kopf.de\/","name":"Ganzheitliches Ged\u00e4chtnistraining Frankfurt","description":"","publisher":{"@id":"https:\/\/grips-im-kopf.de\/#organization"},"potentialAction":[{"@type":"SearchAction","target":{"@type":"EntryPoint","urlTemplate":"https:\/\/grips-im-kopf.de\/?s={search_term_string}"},"query-input":{"@type":"PropertyValueSpecification","valueRequired":true,"valueName":"search_term_string"}}],"inLanguage":"de"},{"@type":"Organization","@id":"https:\/\/grips-im-kopf.de\/#organization","name":"Ganzheitliches Ged\u00e4chtnistraining Frankfurt","url":"https:\/\/grips-im-kopf.de\/","logo":{"@type":"ImageObject","inLanguage":"de","@id":"https:\/\/grips-im-kopf.de\/#\/schema\/logo\/image\/","url":"https:\/\/grips-im-kopf.de\/wp-content\/uploads\/2021\/04\/GIK-animated-4.png","contentUrl":"https:\/\/grips-im-kopf.de\/wp-content\/uploads\/2021\/04\/GIK-animated-4.png","width":398,"height":136,"caption":"Ganzheitliches Ged\u00e4chtnistraining Frankfurt"},"image":{"@id":"https:\/\/grips-im-kopf.de\/#\/schema\/logo\/image\/"}}]}},"_links":{"self":[{"href":"https:\/\/grips-im-kopf.de\/index.php?rest_route=\/wp\/v2\/pages\/79","targetHints":{"allow":["GET"]}}],"collection":[{"href":"https:\/\/grips-im-kopf.de\/index.php?rest_route=\/wp\/v2\/pages"}],"about":[{"href":"https:\/\/grips-im-kopf.de\/index.php?rest_route=\/wp\/v2\/types\/page"}],"author":[{"embeddable":true,"href":"https:\/\/grips-im-kopf.de\/index.php?rest_route=\/wp\/v2\/users\/1"}],"replies":[{"embeddable":true,"href":"https:\/\/grips-im-kopf.de\/index.php?rest_route=%2Fwp%2Fv2%2Fcomments&post=79"}],"version-history":[{"count":13,"href":"https:\/\/grips-im-kopf.de\/index.php?rest_route=\/wp\/v2\/pages\/79\/revisions"}],"predecessor-version":[{"id":348,"href":"https:\/\/grips-im-kopf.de\/index.php?rest_route=\/wp\/v2\/pages\/79\/revisions\/348"}],"wp:attachment":[{"href":"https:\/\/grips-im-kopf.de\/index.php?rest_route=%2Fwp%2Fv2%2Fmedia&parent=79"}],"curies":[{"name":"wp","href":"https:\/\/api.w.org\/{rel}","templated":true}]}}